{"id":8,"date":"2018-05-11T14:05:55","date_gmt":"2018-05-11T12:05:55","guid":{"rendered":"http:\/\/hofladen-rathmayr.at\/?page_id=8"},"modified":"2018-09-22T09:22:38","modified_gmt":"2018-09-22T07:22:38","slug":"schmankerl-hofladen","status":"publish","type":"page","link":"https:\/\/hofladen-rathmayr.at\/","title":{"rendered":"Schmankerl Hofladen"},"content":{"rendered":"<p>[et_pb_section bb_built=&#8220;1&#8243; _builder_version=&#8220;3.1.1&#8243; custom_padding=&#8220;0|0px|7px|0px&#8220; next_background_color=&#8220;#000000&#8243;][et_pb_row use_custom_width=&#8220;on&#8220; custom_padding=&#8220;2px|0px|5px|0px&#8220; make_equal=&#8220;on&#8220; _builder_version=&#8220;3.1.1&#8243; background_size=&#8220;initial&#8220; background_position=&#8220;top_left&#8220; background_repeat=&#8220;repeat&#8220;][et_pb_column type=&#8220;4_4&#8243;][et_pb_slider show_arrows=&#8220;off&#8220; _builder_version=&#8220;3.1.1&#8243; custom_padding=&#8220;|||&#8220; auto=&#8220;on&#8220; auto_ignore_hover=&#8220;on&#8220;][et_pb_slide use_bg_overlay=&#8220;off&#8220; use_text_overlay=&#8220;off&#8220; admin_title=&#8220;1&#8243; _builder_version=&#8220;3.1.1&#8243; background_image=&#8220;https:\/\/hofladen-rathmayr.at\/wp-content\/uploads\/2018\/05\/hofladen_rathmayr_3b.jpg&#8220; button_on_hover=&#8220;on&#8220; \/][et_pb_slide use_bg_overlay=&#8220;off&#8220; use_text_overlay=&#8220;off&#8220; admin_title=&#8220;2&#8243; _builder_version=&#8220;3.1.1&#8243; background_image=&#8220;https:\/\/hofladen-rathmayr.at\/wp-content\/uploads\/2018\/09\/rathmayr_eingang_2.jpg&#8220; button_on_hover=&#8220;on&#8220; button_link=&#8220;#&#8220; background_color=&#8220;#ffffff&#8220; use_background_color_gradient=&#8220;off&#8220; background_color_gradient_start=&#8220;#2b87da&#8220; background_color_gradient_end=&#8220;#29c4a9&#8243; background_color_gradient_type=&#8220;linear&#8220; background_color_gradient_direction=&#8220;180deg&#8220; background_color_gradient_direction_radial=&#8220;center&#8220; background_color_gradient_start_position=&#8220;0%&#8220; background_color_gradient_end_position=&#8220;100%&#8220; background_color_gradient_overlays_image=&#8220;off&#8220; parallax=&#8220;off&#8220; parallax_method=&#8220;on&#8220; background_size=&#8220;cover&#8220; background_position=&#8220;center&#8220; background_repeat=&#8220;no-repeat&#8220; background_blend=&#8220;normal&#8220; allow_player_pause=&#8220;off&#8220; background_video_pause_outside_viewport=&#8220;on&#8220; text_border_radius=&#8220;3&#8243; alignment=&#8220;center&#8220; child_filter_hue_rotate=&#8220;0deg&#8220; child_filter_saturate=&#8220;100%&#8220; child_filter_brightness=&#8220;100%&#8220; child_filter_contrast=&#8220;100%&#8220; child_filter_invert=&#8220;0%&#8220; child_filter_sepia=&#8220;0%&#8220; child_filter_opacity=&#8220;100%&#8220; child_filter_blur=&#8220;0px&#8220; child_mix_blend_mode=&#8220;normal&#8220; background_layout=&#8220;dark&#8220; text_shadow_style=&#8220;none&#8220; header_text_shadow_style=&#8220;none&#8220; body_text_shadow_style=&#8220;none&#8220; custom_button=&#8220;off&#8220; button_bg_use_color_gradient=&#8220;off&#8220; button_bg_color_gradient_overlays_image=&#8220;off&#8220; button_use_icon=&#8220;on&#8220; button_text_shadow_style=&#8220;none&#8220; box_shadow_style_button=&#8220;none&#8220; \/][\/et_pb_slider][\/et_pb_column][\/et_pb_row][\/et_pb_section][et_pb_section bb_built=&#8220;1&#8243; _builder_version=&#8220;3.1.1&#8243; custom_padding=&#8220;0|0|0|0&#8243; prev_background_color=&#8220;#000000&#8243; next_background_color=&#8220;#000000&#8243;][et_pb_row custom_padding=&#8220;0|0px|0|0&#8243; background_color_1=&#8220;#f2f2f2&#8243; background_color_2=&#8220;#f2f2f2&#8243; padding_top_1=&#8220;20px&#8220; padding_right_1=&#8220;20px&#8220; padding_bottom_1=&#8220;20px&#8220; padding_left_1=&#8220;20px&#8220; _builder_version=&#8220;3.1.1&#8243; background_size=&#8220;initial&#8220; background_position=&#8220;top_left&#8220; background_repeat=&#8220;repeat&#8220; animation_style=&#8220;fade&#8220;][et_pb_column type=&#8220;1_3&#8243;][et_pb_text _builder_version=&#8220;3.1.1&#8243; text_font=&#8220;Droid Serif||||||||&#8220; text_text_color=&#8220;#3a3a3a&#8220; header_3_font=&#8220;Droid Serif||||||||&#8220; header_3_text_color=&#8220;#0f8700&#8243;]<\/p>\n<h3><img loading=\"lazy\" class=\"wp-image-415 alignnone size-medium\" style=\"display: block; margin-left: auto; margin-right: auto;\" src=\"https:\/\/hofladen-rathmayr.at\/wp-content\/uploads\/2018\/06\/Rathmayr-Gutes-vom-Bauernhof-300x227.png\" alt=\"\" width=\"121\" height=\"80\" \/><\/h3>\n<h3>HERZLICH WILLKOMMEN<br \/>\nBEI UNS IM SCHMANKERL-HOFLADEN.<\/h3>\n<p><strong>Gschmackig &amp; Guad:<\/strong><br \/>\nMehr als 150 Produkte rund um&#8217;s Schweinefleisch sowie viele regionale und saisonale Schmankerl warten auf Sie! Viele BIO &#8211; Produkte!<\/p>\n<p><strong>Unsere \u00d6ffnungszeiten:<\/strong><br \/>\nMontag, Donnerstag, Freitag, Samstag: 8.00 &#8211; 12.00 Uhr, 13.00 &#8211; 18.00 Uhr<br \/>\nDienstag: 8.00 &#8211; 12.00 Uhr<br \/>\nMittwoch: Geschlossen<\/p>\n<p>[\/et_pb_text][\/et_pb_column][et_pb_column type=&#8220;2_3&#8243;][et_pb_image src=&#8220;https:\/\/hofladen-rathmayr.at\/wp-content\/uploads\/2018\/05\/rathmayr_laden_30.jpg&#8220; _builder_version=&#8220;3.1.1&#8243; custom_margin=&#8220;|||0px&#8220;]<\/p>\n<p>&nbsp;<\/p>\n<p>[\/et_pb_image][\/et_pb_column][\/et_pb_row][\/et_pb_section][et_pb_section bb_built=&#8220;1&#8243; _builder_version=&#8220;3.0.47&#8243; custom_padding=&#8220;13px|0px|9px|0px&#8220; prev_background_color=&#8220;#000000&#8243; next_background_color=&#8220;#000000&#8243;][et_pb_row custom_padding=&#8220;3px|0px|5px|0px&#8220; background_color_2=&#8220;#f2f2f2&#8243; _builder_version=&#8220;3.1.1&#8243; background_size=&#8220;initial&#8220; background_position=&#8220;top_left&#8220; background_repeat=&#8220;repeat&#8220;][et_pb_column type=&#8220;1_2&#8243;][et_pb_image src=&#8220;https:\/\/hofladen-rathmayr.at\/wp-content\/uploads\/2018\/05\/rathmayr_laden_04-e1526291166165.jpg&#8220; _builder_version=&#8220;3.1.1&#8243;]<\/p>\n<p>&nbsp;<\/p>\n<p>[\/et_pb_image][\/et_pb_column][et_pb_column type=&#8220;1_2&#8243;][et_pb_text _builder_version=&#8220;3.1.1&#8243; text_font=&#8220;Droid Serif||||||||&#8220; text_text_color=&#8220;#3a3a3a&#8220; header_3_font=&#8220;Droid Serif||||||||&#8220; header_3_text_color=&#8220;#0f8700&#8243; custom_padding=&#8220;20px|20px|20px|20px&#8220;]<\/p>\n<h3>FLEISCH &amp; FLEISCHPRODUKTE<\/h3>\n<p><img loading=\"lazy\" class=\"wp-image-419 alignnone size-medium\" src=\"https:\/\/hofladen-rathmayr.at\/wp-content\/uploads\/2018\/06\/Rathmayr-Speckkrone-logo-300x239.png\" alt=\"\" width=\"103\" height=\"74\" \/>\u00a0 \u00a0 \u00a0<img loading=\"lazy\" class=\"wp-image-255 alignnone size-full\" src=\"https:\/\/hofladen-rathmayr.at\/wp-content\/uploads\/2018\/05\/Speckkaiser_2018.png\" alt=\"\" width=\"64\" height=\"91\" \/><\/p>\n<p>Schweinefrischfleisch,\u00a0Surfleisch, Verhackertes, Schweinefett, Grammelfett, Leberkn\u00f6del, Blunzen, Sulz, Lebersch\u00e4del, fertiges Beuschel, Grillfleisch mariniert, Bratlfetten, Haschee- und Speckkn\u00f6del, W\u00fcrste (ger\u00e4uchert) und K\u00e4sekrainer, Jausenwurst, Tirolerpunkerl, Krakauerpunkerl, Kaswurstpunkerl<\/p>\n<h3>GEM\u00dcSE<\/h3>\n<p>Saisonales Gem\u00fcse, Spargel, Salat, Pustasalat, Rote R\u00fcben, Senfgurken, K\u00fcbisgem\u00fcse, K\u00fcrbis, Zucchini, Gurken, Kartoffeln, Ditta, Agria, Anabell uvm.<\/p>\n<h3>\u2028GETR\u00c4NKE<\/h3>\n<p>Schn\u00e4pse, S\u00e4fte, verschiedene Weine, Most, Apfelsaft, Nussgeist und nat\u00fcrlich auch Bio &#8211; Frizzante aus der Region<\/p>\n<p>[\/et_pb_text][\/et_pb_column][\/et_pb_row][\/et_pb_section][et_pb_section bb_built=&#8220;1&#8243; _builder_version=&#8220;3.0.47&#8243; custom_padding=&#8220;0|0px|4px|0px&#8220; prev_background_color=&#8220;#000000&#8243; next_background_color=&#8220;#000000&#8243;][et_pb_row custom_padding=&#8220;7px|0px|7px|0px&#8220; _builder_version=&#8220;3.0.47&#8243; background_size=&#8220;initial&#8220; background_position=&#8220;top_left&#8220; background_repeat=&#8220;repeat&#8220;][et_pb_column type=&#8220;4_4&#8243;][et_pb_gallery gallery_ids=&#8220;506,73,66,69,63,65,71,508,68,67,70,77,72,51,57,78,60,87,76,79,114,61,93,82,80,74,75,505,88,83,84,85,86,91,89,102&#8243; gallery_captions=&#8220;,,,,,,,,,,,dav,,,,,,,,,dav,,,,,,,,,,,,dav&#8220; posts_number=&#8220;38&#8243; show_title_and_caption=&#8220;off&#8220; show_pagination=&#8220;off&#8220; _builder_version=&#8220;3.1.1&#8243; border_width_all=&#8220;1px&#8220; border_color_all=&#8220;#ffffff&#8220; border_color_all_image=&#8220;#ffffff&#8220; custom_margin=&#8220;0px|0px|0px|0px&#8220; custom_margin_last_edited=&#8220;on|desktop&#8220; custom_padding=&#8220;0px|0px|0px|0px&#8220; animation_style=&#8220;fade&#8220; animation_delay=&#8220;250ms&#8220; zoom_icon_color=&#8220;#0f8700&#8243; hover_overlay_color=&#8220;rgba(255,255,255,0.9)&#8220;]<\/p>\n<p>&nbsp;<\/p>\n<p>[\/et_pb_gallery][\/et_pb_column][\/et_pb_row][\/et_pb_section][et_pb_section bb_built=&#8220;1&#8243; _builder_version=&#8220;3.1.1&#8243; custom_padding=&#8220;3px|0px|21px|0px&#8220; prev_background_color=&#8220;#000000&#8243; next_background_color=&#8220;#000000&#8243;][et_pb_row custom_padding=&#8220;21px|0px|8px|0px&#8220; _builder_version=&#8220;3.1.1&#8243; background_color=&#8220;#f2f2f2&#8243;][et_pb_column type=&#8220;4_4&#8243;][et_pb_text _builder_version=&#8220;3.1.1&#8243; text_font=&#8220;Droid Serif||||||||&#8220; text_text_color=&#8220;#0f8700&#8243; header_font=&#8220;||||||||&#8220; header_text_color=&#8220;#0f8700&#8243; text_orientation=&#8220;center&#8220; inline_fonts=&#8220;Droid Serif&#8220;]<\/p>\n<h1><span style=\"font-size: x-large;\">Wir freuen uns auf Ihren Besuch in unserem Hofladen. <\/span><br \/>\nHier k\u00f6nnen Sie viele herzhafte Schmankerl entdecken.<\/h1>\n<h1>Bestellungen nehmen wir gerne entgegen unter:<br \/>\nTelefon 0 7273 20219 oder 0 664 2328725<\/h1>\n<p>[\/et_pb_text][\/et_pb_column][\/et_pb_row][\/et_pb_section][et_pb_section bb_built=&#8220;1&#8243; _builder_version=&#8220;3.1.1&#8243; custom_padding=&#8220;4px|0px|6px|0px&#8220; prev_background_color=&#8220;#000000&#8243; next_background_color=&#8220;#000000&#8243;][et_pb_row custom_padding=&#8220;4px|0px|8px|0px&#8220; _builder_version=&#8220;3.1.1&#8243;][et_pb_column type=&#8220;1_3&#8243;][et_pb_text _builder_version=&#8220;3.1.1&#8243; text_font=&#8220;||||||||&#8220; background_color=&#8220;#ffffff&#8220; text_orientation=&#8220;center&#8220;]<\/p>\n<p><iframe loading=\"lazy\" style=\"border: none; overflow: hidden;\" src=\"https:\/\/www.facebook.com\/plugins\/page.php?href=https%3A%2F%2Fwww.facebook.com%2FSchmankerlhof%2F&amp;tabs=timeline&amp;width=340&amp;height=500&amp;small_header=false&amp;adapt_container_width=true&amp;hide_cover=true&amp;show_facepile=true&amp;appId\" width=\"600\" height=\"500\" frameborder=\"0\" scrolling=\"no\"><\/iframe><\/p>\n<p>[\/et_pb_text][\/et_pb_column][et_pb_column type=&#8220;2_3&#8243;][et_pb_image src=&#8220;https:\/\/hofladen-rathmayr.at\/wp-content\/uploads\/2018\/05\/hofladen_rathmayr_3.jpg&#8220; _builder_version=&#8220;3.1.1&#8243; custom_padding=&#8220;|||30px&#8220;]<\/p>\n<p>&nbsp;<\/p>\n<p>[\/et_pb_image][\/et_pb_column][\/et_pb_row][\/et_pb_section][et_pb_section bb_built=&#8220;1&#8243; _builder_version=&#8220;3.1.1&#8243; custom_padding=&#8220;3px|0px|62.84375px|0px&#8220; prev_background_color=&#8220;#000000&#8243; global_module=&#8220;239&#8243;][et_pb_row global_parent=&#8220;239&#8243; custom_padding=&#8220;0|0px|14px|0px&#8220; padding_top_1=&#8220;30px&#8220; padding_top_2=&#8220;30px&#8220; padding_right_1=&#8220;30px&#8220; padding_right_2=&#8220;30px&#8220; padding_bottom_1=&#8220;30px&#8220; padding_bottom_2=&#8220;30px&#8220; padding_left_1=&#8220;30px&#8220; padding_left_2=&#8220;30px&#8220; _builder_version=&#8220;3.1.1&#8243; background_color=&#8220;#0f8700&#8243; background_size=&#8220;initial&#8220; background_position=&#8220;top_left&#8220; background_repeat=&#8220;repeat&#8220;][et_pb_column type=&#8220;1_2&#8243;][et_pb_text global_parent=&#8220;239&#8243; _builder_version=&#8220;3.1.1&#8243; inline_fonts=&#8220;Droid Serif&#8220;]<\/p>\n<p><span style=\"font-family: 'Droid Serif'; font-weight: normal; color: #ffffff;\">Wir freuen uns auf Ihren Besuch:<\/span><br \/>\n<span style=\"font-family: 'Droid Serif'; font-weight: normal; color: #ffffff;\"> <img loading=\"lazy\" class=\"alignnone wp-image-202\" src=\"https:\/\/hofladen-rathmayr.at\/wp-content\/uploads\/2018\/05\/Rathmayr_Logo-300x157.png\" alt=\"\" width=\"177\" height=\"93\" srcset=\"https:\/\/hofladen-rathmayr.at\/wp-content\/uploads\/2018\/05\/Rathmayr_Logo-300x157.png 300w, https:\/\/hofladen-rathmayr.at\/wp-content\/uploads\/2018\/05\/Rathmayr_Logo-768x402.png 768w, https:\/\/hofladen-rathmayr.at\/wp-content\/uploads\/2018\/05\/Rathmayr_Logo-1024x536.png 1024w, https:\/\/hofladen-rathmayr.at\/wp-content\/uploads\/2018\/05\/Rathmayr_Logo-1080x565.png 1080w, https:\/\/hofladen-rathmayr.at\/wp-content\/uploads\/2018\/05\/Rathmayr_Logo.png 1280w\" sizes=\"(max-width: 177px) 100vw, 177px\" \/><\/span><br \/>\n<span style=\"font-family: 'Droid Serif'; font-weight: normal; color: #ffffff;\">Karin &amp; Fritz Rathmayr<br \/>\nKarling 36, 4081 Hartkirchen<\/span><\/p>\n<p><span style=\"font-family: 'Droid Serif'; font-weight: normal; color: #ffffff;\">Wir freuen uns auf Anruf\/Email f\u00fcr Bestellungen:<\/span><br \/>\n<span style=\"font-family: 'Droid Serif'; font-weight: normal; color: #ffffff;\"> Telefon: 0 7273 20219<br \/>\nMobil: 0 664 2328725<\/span><br \/>\n<span style=\"font-family: 'Droid Serif'; font-weight: normal; color: #ffffff;\"> E-Mail:\u00a0<a style=\"color: #ffffff;\" title=\"mailto:f.rathmayr@gmx.at\" href=\"mailto:f.rathmayr@gmx.at\">f.rathmayr@gmx.at<\/a><\/span><\/p>\n<p>[\/et_pb_text][\/et_pb_column][et_pb_column type=&#8220;1_2&#8243;][et_pb_text global_parent=&#8220;239&#8243; _builder_version=&#8220;3.1.1&#8243; inline_fonts=&#8220;Droid Serif&#8220;]<\/p>\n<p><span style=\"color: #ffffff; font-family: 'Droid Serif';\">Unser \u00d6ffnungszeiten:<br \/>\nMontag, Donnerstag, Freitag<br \/>\nund Samstag: 8.00 \u2013 12.00 Uhr, 13.00 \u2013 18.00 Uhr<br \/>\nDienstag: 8.00 &#8211; 12.00 Uhr<br \/>\nMittwoch GESCHLOSSEN<\/span><\/p>\n<p><span style=\"color: #ffffff; font-family: 'Droid Serif';\"><a style=\"color: #ffffff;\" href=\"https:\/\/hofladen-rathmayr.at\/\">Schmankerl Hofladen<\/a> <\/span><br \/>\n<span style=\"color: #ffffff; font-family: 'Droid Serif';\"><a style=\"color: #ffffff;\" href=\"https:\/\/hofladen-rathmayr.at\/index.php\/produkte-und-service\/\">Produkte &amp; Service<\/a> <\/span><br \/>\n<span style=\"color: #ffffff; font-family: 'Droid Serif';\"><a style=\"color: #ffffff;\" href=\"https:\/\/hofladen-rathmayr.at\/index.php\/familie-rathmayr\/\">Familie Rathmayr<\/a> <\/span><br \/>\n<span style=\"color: #ffffff; font-family: 'Droid Serif';\"><a style=\"color: #ffffff;\" href=\"https:\/\/hofladen-rathmayr.at\/index.php\/kontakt\/\">Anfahrt &amp; Kontakt<\/a> <\/span><br \/>\n<span style=\"color: #ffffff; font-family: 'Droid Serif';\"><a style=\"color: #ffffff;\" href=\"https:\/\/hofladen-rathmayr.at\/index.php\/impressum\/\">Impressum<\/a> <\/span><br \/>\n<a href=\"https:\/\/hofladen-rathmayr.at\/index.php\/datenschutz\/\"><span style=\"color: #ffffff;\"><span style=\"font-family: 'Droid Serif';\">Datenschutz<\/span><\/span><\/a><\/p>\n<p><span style=\"color: #ffffff;\"><a style=\"color: #ffffff;\" href=\"https:\/\/www.facebook.com\/Schmankerlhof\"><img loading=\"lazy\" class=\"wp-image-265 alignnone size-full\" src=\"https:\/\/hofladen-rathmayr.at\/wp-content\/uploads\/2018\/05\/fbiconfwhite.png\" alt=\"\" width=\"19\" height=\"18\" srcset=\"https:\/\/hofladen-rathmayr.at\/wp-content\/uploads\/2018\/05\/fbiconfwhite.png 152w, https:\/\/hofladen-rathmayr.at\/wp-content\/uploads\/2018\/05\/fbiconfwhite-150x150.png 150w\" sizes=\"(max-width: 19px) 100vw, 19px\" \/>\u00a0www.facebook.com\/Schmankerlhof<\/a><\/span><\/p>\n<p>[\/et_pb_text][\/et_pb_column][\/et_pb_row][\/et_pb_section]<\/p>\n","protected":false},"excerpt":{"rendered":"<p>HERZLICH WILLKOMMEN BEI UNS IM SCHMANKERL-HOFLADEN. Gschmackig &amp; Guad: Mehr als 150 Produkte rund um&#8217;s Schweinefleisch sowie viele regionale und saisonale Schmankerl warten auf Sie! Viele BIO &#8211; Produkte! Unsere \u00d6ffnungszeiten: Montag, Donnerstag, Freitag, Samstag: 8.00 &#8211; 12.00 Uhr, 13.00 &#8211; 18.00 Uhr Dienstag: 8.00 &#8211; 12.00 Uhr Mittwoch: Geschlossen &nbsp; &nbsp; FLEISCH &amp; FLEISCHPRODUKTE [&hellip;]<\/p>\n","protected":false},"author":1,"featured_media":0,"parent":0,"menu_order":0,"comment_status":"closed","ping_status":"closed","template":"","meta":{"_et_pb_use_builder":"on","_et_pb_old_content":"","_et_gb_content_width":""},"_links":{"self":[{"href":"https:\/\/hofladen-rathmayr.at\/index.php\/wp-json\/wp\/v2\/pages\/8"}],"collection":[{"href":"https:\/\/hofladen-rathmayr.at\/index.php\/wp-json\/wp\/v2\/pages"}],"about":[{"href":"https:\/\/hofladen-rathmayr.at\/index.php\/wp-json\/wp\/v2\/types\/page"}],"author":[{"embeddable":true,"href":"https:\/\/hofladen-rathmayr.at\/index.php\/wp-json\/wp\/v2\/users\/1"}],"replies":[{"embeddable":true,"href":"https:\/\/hofladen-rathmayr.at\/index.php\/wp-json\/wp\/v2\/comments?post=8"}],"version-history":[{"count":116,"href":"https:\/\/hofladen-rathmayr.at\/index.php\/wp-json\/wp\/v2\/pages\/8\/revisions"}],"predecessor-version":[{"id":520,"href":"https:\/\/hofladen-rathmayr.at\/index.php\/wp-json\/wp\/v2\/pages\/8\/revisions\/520"}],"wp:attachment":[{"href":"https:\/\/hofladen-rathmayr.at\/index.php\/wp-json\/wp\/v2\/media?parent=8"}],"curies":[{"name":"wp","href":"https:\/\/api.w.org\/{rel}","templated":true}]}}